{"id":2121,"date":"2017-02-02T13:41:37","date_gmt":"2017-02-02T12:41:37","guid":{"rendered":"http:\/\/www.digitalrealestate.ch\/?page_id=2121\/"},"modified":"2017-10-26T15:47:35","modified_gmt":"2017-10-26T14:47:35","slug":"digital-real-estate-summit-romandie-2017","status":"publish","type":"page","link":"https:\/\/www.digitalrealestate.ch\/fr\/digital-real-estate-summit-romandie-2017\/","title":{"rendered":"Summit 2017"},"content":{"rendered":"<div class=\"wpb-content-wrapper\">[vc_row][vc_column][vc_single_image image=\"44\" img_size=\"full\"][\/vc_column][\/vc_row][vc_row css=\".vc_custom_1475831074350{margin-bottom: 0px !important;padding-bottom: 0px !important;}\"][vc_column]<div class=\"separator_block right\" style=\"margin-bottom:30px;\"><h2>1. Digital Real Estate Summit Romandie 2017<\/h2><div class=\"separator short\"><div class=\"separator_line\"><\/div><\/div><div class=\"clearfix\"><\/div><\/div>[vc_column_text]<a href=\"https:\/\/www.digitalrealestate.ch\/wp-content\/uploads\/2017\/02\/homegate.ch_-e1486053884964.png\"><img loading=\"lazy\" decoding=\"async\" class=\"wp-image-2122 size-medium alignright\" src=\"https:\/\/www.digitalrealestate.ch\/wp-content\/uploads\/2017\/02\/homegate.ch_-300x80.png\" width=\"300\" height=\"80\" \/><br \/>\n<\/a><\/p>\n<p><strong>Mardi, 7. F\u00e9vrier 2017, 8.30 \u2013 16.00 h, <\/strong><strong>Mus\u00e9e Olympique, Lausanne<\/strong><\/p>\n<p>Lors du 1<sup>er<\/sup> Digital Real Estate Summit Romandie by pom+, des pr\u00e9curseurs du monde de la digitalisation et des sp\u00e9cialistes de la branche immobili\u00e8re ont rendez-vous. Ensemble, ils vont peindre\u00a0le tableau du monde immobilier de demain.<\/p>\n<p>Le Digital Real Estate Summit Romandie est la plateforme id\u00e9ale pour tous ceux qui consid\u00e8rent le monde virtuel comme une chance et veulent saisir les opportunit\u00e9s d\u2019affaires qui y sont li\u00e9es\u2026 car beaucoup de choses deviennent possibles avec les bonnes informations.<\/p>\n<p>pom+Consulting, en partenariat avec la SVIT Swiss Real Estate School, se r\u00e9jouit de vous y rencontrer.[\/vc_column_text][\/vc_column][\/vc_row][vc_row][vc_column][vc_tta_accordion shape=\"square\" color=\"juicy-pink\" spacing=\"1\" gap=\"1\" c_icon=\"chevron\" c_position=\"right\" active_section=\"12\" no_fill=\"true\" collapsible_all=\"true\"][vc_tta_section title=\"Programme\" tab_id=\"1447580043464-866e569e-177d\" el_class=\"green\"][vc_row_inner el_class=\"programm\"][vc_column_inner][vc_column_text]\n<h4><strong>8.30 h<\/strong><\/h4>\n<h5>Caf\u00e9 d\u2019accueil<\/h5>\n<h4><strong>9.00 h<\/strong><\/h4>\n<h5>Mot de bienvenue<\/h5>\n<p>Haig Simonian, journaliste<\/p>\n<h4><strong>9.05\u00a0h<\/strong><\/h4>\n<h5>Trends &amp; Technologies<\/h5>\n<p>Sylvain Baron,\u00a0Cisco Systems<\/p>\n<p>Andreas Moser, Cisco Systems<\/p>\n<h4><strong>9.45\u00a0h<\/strong><\/h4>\n<h5>La Digitalisation dans le cycle de vie de l\u2019immobilier et r\u00f4le du BIM<\/h5>\n<p>St\u00e9phane Maye, pom+Consulting SA<\/p>\n<p>Marco Mari, idessin SA<\/p>\n<h4><strong>10.45 h<\/strong><\/h4>\n<h5>Pause<\/h5>\n<h4><strong>11.15\u00a0h<\/strong><\/h4>\n<h5>(R)\u00e9volution de leaders<\/h5>\n<ul>\n<li><strong>La Poste Suisse \u00e0 l\u2019\u00e8re du num\u00e9rique<\/strong><br \/>\nBlaise Schwerzmann, Poste Immobilier Management et Services SA<\/li>\n<li><strong>L\u2019avanc\u00e9e technologique au b\u00e9n\u00e9fice de la construction : chim\u00e8re ou r\u00e9alit\u00e9 ?<\/strong><br \/>\nChristophe Piffaretti,\u00a0Credit Suisse<\/li>\n<li><strong>La transformation num\u00e9rique du d\u00e9veloppeur immobilier<br \/>\n<\/strong>Christophe Lirot, Losinger Marazzi SA<\/li>\n<\/ul>\n<h4><strong>12.30 h<\/strong><\/h4>\n<h5>Lunch<\/h5>\n<h4><strong>14.00\u00a0h<\/strong><\/h4>\n<h5>Solutions et Perspectives<\/h5>\n<ul>\n<li><strong>Nos villes sont chaque jour plus connect\u00e9es<\/strong><br \/>\nRapha\u00ebl Rollier, Swisscom<\/li>\n<li><strong>Smart Metering ou la surveillance \u00e9nerg\u00e9tique des immeubles<br \/>\n<\/strong>Laurent Isoard, Signa-Terre SA<\/li>\n<li><strong>Schindler ou la num\u00e9risation du m\u00e9tier d\u2019ascenseur<br \/>\n<\/strong>Matthias Schuler, Schindler SA Lausanne<\/li>\n<li><strong>La 4<sup>\u00e8me<\/sup> r\u00e9volution industrielle est l\u00e0<br \/>\n<\/strong>Romain du Sordet, Amstein + Walthert<\/li>\n<\/ul>\n<h4><strong>15.15\u00a0h<\/strong><\/h4>\n<h5>So what ?<\/h5>\n<p>Patrick Delarive, Delarive Groupe<\/p>\n<h4><strong>15.45\u00a0h<\/strong><\/h4>\n<h5>Conclusion<\/h5>\n<p>Haig Simonian, journaliste<\/p>\n<h4><strong>16.00 h<\/strong><\/h4>\n<h5>Fin<\/h5>\n<p>&nbsp;<\/p>\n<p><span style=\"color: #c3006b;\"><strong><a style=\"color: #c3006b;\" href=\"https:\/\/www.digitalrealestate.ch\/wp-content\/uploads\/2017\/02\/Programme-d\u00e9taill\u00e9_01_E04.pdf\" target=\"_blank\" rel=\"noopener\">Download programme d\u00e9taill\u00e9<\/a><\/strong><\/span><\/p>\n<p><a href=\"https:\/\/www.digitalrealestate.ch\/wp-content\/uploads\/2017\/02\/DRE_Romandie_2017_Programme_court.pdf\" target=\"_blank\" rel=\"noopener\"><span style=\"color: #c5006b;\"><strong>Download programme court<\/strong><\/span><\/a>[\/vc_column_text][\/vc_column_inner][\/vc_row_inner][\/vc_tta_section][vc_tta_section title=\"Participants\" tab_id=\"1486452027421-91670187-c302\"][vc_column_text]<span style=\"color: #c3006b;\"><a style=\"color: #c3006b;\" href=\"https:\/\/www.digitalrealestate.ch\/wp-content\/uploads\/2017\/02\/Liste-des-participants-07.02.2017.pdf\" target=\"_blank\" rel=\"noopener\"><strong>Download liste des participants<\/strong><\/a><\/span>[\/vc_column_text][\/vc_tta_section][vc_tta_section title=\"Intervenants\" tab_id=\"1447581728342-a6f0556e-c918\" el_class=\"smallerspace\"][vc_row_inner][vc_column_inner width=\"1\/2\"][vc_column_text]<a href=\"https:\/\/www.digitalrealestate.ch\/wp-content\/uploads\/2017\/02\/2017-02-02_14-51-17.png\"><img loading=\"lazy\" decoding=\"async\" class=\"wp-image-2194 size-full alignleft\" src=\"https:\/\/www.digitalrealestate.ch\/wp-content\/uploads\/2017\/02\/2017-02-02_14-51-17.png\" width=\"200\" height=\"200\" srcset=\"https:\/\/www.digitalrealestate.ch\/wp-content\/uploads\/2017\/02\/2017-02-02_14-51-17.png 200w, https:\/\/www.digitalrealestate.ch\/wp-content\/uploads\/2017\/02\/2017-02-02_14-51-17-100x100.png 100w, https:\/\/www.digitalrealestate.ch\/wp-content\/uploads\/2017\/02\/2017-02-02_14-51-17-150x150.png 150w, https:\/\/www.digitalrealestate.ch\/wp-content\/uploads\/2017\/02\/2017-02-02_14-51-17-160x160.png 160w\" sizes=\"(max-width: 200px) 100vw, 200px\" \/><\/a><\/p>\n<p><strong>Sylvain Baron<\/strong> est actif depuis plus de quinze ans dans des entreprises \u00e0 croissance rapide et des startups. Il est actuellement Innovation Program Lead au sein du Corporate Strategic Innovation Group de Cisco. Sylvain a rejoint le Centre technologique Cisco en 2007 en tant qu\u2019ing\u00e9nieur R&amp;D pour le d\u00e9veloppement de prototype d\u2019espace collaboratif mixant le monde virtuel en ligne comme Second Life avec le r\u00e9seautage social en temps r\u00e9el.[\/vc_column_text][\/vc_column_inner][vc_column_inner width=\"1\/2\"][vc_column_text]<a href=\"https:\/\/www.digitalrealestate.ch\/wp-content\/uploads\/2017\/02\/2017-02-02_14-39-00.png\"><img loading=\"lazy\" decoding=\"async\" class=\"wp-image-2190 size-full alignleft\" src=\"https:\/\/www.digitalrealestate.ch\/wp-content\/uploads\/2017\/02\/2017-02-02_14-39-00.png\" width=\"200\" height=\"200\" srcset=\"https:\/\/www.digitalrealestate.ch\/wp-content\/uploads\/2017\/02\/2017-02-02_14-39-00.png 200w, https:\/\/www.digitalrealestate.ch\/wp-content\/uploads\/2017\/02\/2017-02-02_14-39-00-100x100.png 100w, https:\/\/www.digitalrealestate.ch\/wp-content\/uploads\/2017\/02\/2017-02-02_14-39-00-150x150.png 150w, https:\/\/www.digitalrealestate.ch\/wp-content\/uploads\/2017\/02\/2017-02-02_14-39-00-160x160.png 160w\" sizes=\"(max-width: 200px) 100vw, 200px\" \/><\/a><\/p>\n<p><strong>Patrick Delarive<\/strong> se d\u00e9finit comme entrepreneur de lui-m\u00eame. Il est le Fondateur, Pr\u00e9sident et Propri\u00e9taire du GROUPE DELARIVE SA. Le Groupe est actif dans des secteurs aussi vari\u00e9s que l\u2019ing\u00e9nierie financi\u00e8re, les investissements et r\u00e9alisations immobili\u00e8res ou la production et diffusion audio-visuelle et musicale. Les qualit\u00e9s d\u2019ouverture, d\u2019innovation, d\u2019humanisme et de d\u00e9veloppement durable que Delarive Groupe promeut se situent au c\u0153ur de ses projets et r\u00e9alisations.[\/vc_column_text][\/vc_column_inner][\/vc_row_inner][vc_row_inner][vc_column_inner width=\"1\/2\"][vc_column_text]<strong><a href=\"https:\/\/www.digitalrealestate.ch\/wp-content\/uploads\/2017\/02\/2017-02-03_10-30-22.png\"><img loading=\"lazy\" decoding=\"async\" class=\"size-full wp-image-2210 alignleft\" src=\"https:\/\/www.digitalrealestate.ch\/wp-content\/uploads\/2017\/02\/2017-02-03_10-30-22.png\" alt=\"\" width=\"200\" height=\"200\" srcset=\"https:\/\/www.digitalrealestate.ch\/wp-content\/uploads\/2017\/02\/2017-02-03_10-30-22.png 200w, https:\/\/www.digitalrealestate.ch\/wp-content\/uploads\/2017\/02\/2017-02-03_10-30-22-100x100.png 100w, https:\/\/www.digitalrealestate.ch\/wp-content\/uploads\/2017\/02\/2017-02-03_10-30-22-150x150.png 150w, https:\/\/www.digitalrealestate.ch\/wp-content\/uploads\/2017\/02\/2017-02-03_10-30-22-160x160.png 160w\" sizes=\"(max-width: 200px) 100vw, 200px\" \/><\/a>Matthias Schuler<\/strong> a d\u00e9but\u00e9 chez Schindler Ascenseurs en 2013. Il y occupe actuellement le poste de Chef r\u00e9gional de vente Modernisation. Apr\u00e8s avoir d\u00e9but\u00e9 sa carri\u00e8re dans le domaine de l\u2019\u00e9lectricit\u00e9, il a ensuite acquis des comp\u00e9tences en coordination logistique et dans le domaine de la vente. il a \u00e9galement suivi des \u00e9tudes sup\u00e9rieures en Management et Administration d\u2019Entreprise au CEFCO.[\/vc_column_text][\/vc_column_inner][vc_column_inner width=\"1\/2\"][vc_column_text]<a href=\"https:\/\/www.digitalrealestate.ch\/wp-content\/uploads\/2017\/02\/2017-02-02_14-37-19.png\"><img loading=\"lazy\" decoding=\"async\" class=\"wp-image-2188 size-full alignleft\" src=\"https:\/\/www.digitalrealestate.ch\/wp-content\/uploads\/2017\/02\/2017-02-02_14-37-19.png\" width=\"200\" height=\"200\" srcset=\"https:\/\/www.digitalrealestate.ch\/wp-content\/uploads\/2017\/02\/2017-02-02_14-37-19.png 200w, https:\/\/www.digitalrealestate.ch\/wp-content\/uploads\/2017\/02\/2017-02-02_14-37-19-100x100.png 100w, https:\/\/www.digitalrealestate.ch\/wp-content\/uploads\/2017\/02\/2017-02-02_14-37-19-150x150.png 150w, https:\/\/www.digitalrealestate.ch\/wp-content\/uploads\/2017\/02\/2017-02-02_14-37-19-160x160.png 160w\" sizes=\"(max-width: 200px) 100vw, 200px\" \/><\/a><\/p>\n<p><strong>Laurent Isoard<\/strong> est le cofondateur de Signa-Terre dont il est aussi le Directeur g\u00e9n\u00e9ral. Il est responsable du d\u00e9veloppement strat\u00e9gique et de la cr\u00e9ation de solutions info-\u00e9nerg\u00e9tiques \u00e0 destination de r\u00e9gies et de grands propri\u00e9taires. Il est en outre Ing\u00e9nieur ETS en g\u00e9nie \u00e9lectrique et au b\u00e9n\u00e9lfice d\u2019un Master en d\u00e9veloppement durable et \u00e9nergie pour les b\u00e2timents ainsi que d\u2019un Master de chef de projet informatique ISEIG.[\/vc_column_text][\/vc_column_inner][\/vc_row_inner][vc_row_inner][vc_column_inner width=\"1\/2\"][vc_column_text]<a href=\"https:\/\/www.digitalrealestate.ch\/wp-content\/uploads\/2017\/02\/2017-02-02_14-40-45.png\"><img loading=\"lazy\" decoding=\"async\" class=\"wp-image-2193 size-full alignleft\" src=\"https:\/\/www.digitalrealestate.ch\/wp-content\/uploads\/2017\/02\/2017-02-02_14-40-45.png\" width=\"200\" height=\"200\" srcset=\"https:\/\/www.digitalrealestate.ch\/wp-content\/uploads\/2017\/02\/2017-02-02_14-40-45.png 200w, https:\/\/www.digitalrealestate.ch\/wp-content\/uploads\/2017\/02\/2017-02-02_14-40-45-100x100.png 100w, https:\/\/www.digitalrealestate.ch\/wp-content\/uploads\/2017\/02\/2017-02-02_14-40-45-150x150.png 150w, https:\/\/www.digitalrealestate.ch\/wp-content\/uploads\/2017\/02\/2017-02-02_14-40-45-160x160.png 160w\" sizes=\"(max-width: 200px) 100vw, 200px\" \/><\/a><\/p>\n<p><strong>St\u00e9phane Maye<\/strong> est membre de la direction et partenaire de pom+Consulting depuis 2009. Il est actuellement responsable du bureau lausannois de pom+. Depuis son arriv\u00e9e chez pom+, il s\u2019est sp\u00e9cialis\u00e9 dans le cycle de vie de l\u2019immobilier afin de garantir \u00e0 l\u2019utilisateur des conditions parfaites d\u2019exploitation. Il se voit en tant que chef d\u2019orchestre m\u00e9nageant chaque note, m\u00eame les plus discr\u00e8tes tout en donnant du rythme et de la rigueur \u00e0 la r\u00e9alisation de l\u2019\u0153uvre dans son ensemble.[\/vc_column_text][\/vc_column_inner][vc_column_inner width=\"1\/2\"][vc_column_text]<a href=\"https:\/\/www.digitalrealestate.ch\/wp-content\/uploads\/2017\/02\/2017-02-02_14-25-14-1.png\"><img loading=\"lazy\" decoding=\"async\" class=\"wp-image-2195 size-full alignleft\" src=\"https:\/\/www.digitalrealestate.ch\/wp-content\/uploads\/2017\/02\/2017-02-02_14-25-14-1.png\" width=\"200\" height=\"200\" srcset=\"https:\/\/www.digitalrealestate.ch\/wp-content\/uploads\/2017\/02\/2017-02-02_14-25-14-1.png 200w, https:\/\/www.digitalrealestate.ch\/wp-content\/uploads\/2017\/02\/2017-02-02_14-25-14-1-100x100.png 100w, https:\/\/www.digitalrealestate.ch\/wp-content\/uploads\/2017\/02\/2017-02-02_14-25-14-1-150x150.png 150w, https:\/\/www.digitalrealestate.ch\/wp-content\/uploads\/2017\/02\/2017-02-02_14-25-14-1-160x160.png 160w\" sizes=\"(max-width: 200px) 100vw, 200px\" \/><\/a><\/p>\n<p><strong>Christophe Lirot<\/strong> d\u00e9bute sa carri\u00e8re au sein du groupe Bouygues en 1996 occupant diff\u00e9rentes fonctions travaux, et participe durant 5 ann\u00e9es \u00e0 la r\u00e9alisation de prestigieux projets \u00e0 Londres, notamment dans le cadre de contrats en PPP. Il rejoint les \u00e9quipes commerciales et d\u00e9veloppement immobilier de Losinger Marazzi en 2009 (Lausanne), et a en charge actuellement une direction commerciale au sein de l\u2019agence Suisse Occidentale.<\/p>\n<p><strong>\u00a0<\/strong>[\/vc_column_text][\/vc_column_inner][\/vc_row_inner][vc_row_inner][vc_column_inner width=\"1\/2\"][vc_column_text]<a href=\"https:\/\/www.digitalrealestate.ch\/wp-content\/uploads\/2017\/02\/2017-02-02_14-38-15.png\"><img loading=\"lazy\" decoding=\"async\" class=\"wp-image-2189 size-full alignleft\" src=\"https:\/\/www.digitalrealestate.ch\/wp-content\/uploads\/2017\/02\/2017-02-02_14-38-15.png\" width=\"200\" height=\"200\" srcset=\"https:\/\/www.digitalrealestate.ch\/wp-content\/uploads\/2017\/02\/2017-02-02_14-38-15.png 200w, https:\/\/www.digitalrealestate.ch\/wp-content\/uploads\/2017\/02\/2017-02-02_14-38-15-100x100.png 100w, https:\/\/www.digitalrealestate.ch\/wp-content\/uploads\/2017\/02\/2017-02-02_14-38-15-150x150.png 150w, https:\/\/www.digitalrealestate.ch\/wp-content\/uploads\/2017\/02\/2017-02-02_14-38-15-160x160.png 160w\" sizes=\"(max-width: 200px) 100vw, 200px\" \/><\/a><\/p>\n<p><strong>Marco Mari<\/strong> Dessinateur de formation et passionn\u00e9 de nouvelle technologie, il cr\u00e9e en 2000, idessin SA soci\u00e9t\u00e9 sp\u00e9cialis\u00e9e dans les services DAO pour les m\u00e9tiers de la construction. D\u00e8s 2016, idessin SA se scinde en 3 structures diff\u00e9rentes afin d\u2019apporter les r\u00e9ponses \u00e0 chaque d\u00e9fis que repr\u00e9sente la num\u00e9risation de son m\u00e9tier.[\/vc_column_text][\/vc_column_inner][vc_column_inner width=\"1\/2\"][vc_column_text]<strong><a href=\"https:\/\/www.digitalrealestate.ch\/wp-content\/uploads\/2017\/02\/Portrait_Moser.png\"><img loading=\"lazy\" decoding=\"async\" class=\"wp-image-2217 size-full alignleft\" src=\"https:\/\/www.digitalrealestate.ch\/wp-content\/uploads\/2017\/02\/Portrait_Moser.png\" width=\"200\" height=\"200\" srcset=\"https:\/\/www.digitalrealestate.ch\/wp-content\/uploads\/2017\/02\/Portrait_Moser.png 200w, https:\/\/www.digitalrealestate.ch\/wp-content\/uploads\/2017\/02\/Portrait_Moser-100x100.png 100w, https:\/\/www.digitalrealestate.ch\/wp-content\/uploads\/2017\/02\/Portrait_Moser-150x150.png 150w, https:\/\/www.digitalrealestate.ch\/wp-content\/uploads\/2017\/02\/Portrait_Moser-160x160.png 160w\" sizes=\"(max-width: 200px) 100vw, 200px\" \/><\/a>Andreas Moser<\/strong> est Country Manager Systems Engineering chez Cisco depuis 2008. Avant cela, il \u00e9tait responsable du Systems Engineering Team pour le march\u00e9 suisse des fournisseurs de services. Gr\u00e2ce aux diff\u00e9rentes certifications techniques et les nombreuses formations continues en gestion d\u2019entreprise qu\u2019il a suivies, Andreas Moser dispose d\u2019un large \u00e9ventail de comp\u00e9tences. Avant de travailler chez Cisco, Andreas Moser a acquis une connaissance approfondie des relations avec la client\u00e8le et partenariales. Il est actif dans l\u2019IT depuis 1987.[\/vc_column_text][\/vc_column_inner][\/vc_row_inner][vc_row_inner][vc_column_inner width=\"1\/2\"][vc_column_text]<a href=\"https:\/\/www.digitalrealestate.ch\/wp-content\/uploads\/2017\/02\/2017-02-02_14-36-01.png\"><img loading=\"lazy\" decoding=\"async\" class=\"wp-image-2186 size-full alignleft\" src=\"https:\/\/www.digitalrealestate.ch\/wp-content\/uploads\/2017\/02\/2017-02-02_14-36-01.png\" width=\"200\" height=\"200\" srcset=\"https:\/\/www.digitalrealestate.ch\/wp-content\/uploads\/2017\/02\/2017-02-02_14-36-01.png 200w, https:\/\/www.digitalrealestate.ch\/wp-content\/uploads\/2017\/02\/2017-02-02_14-36-01-100x100.png 100w, https:\/\/www.digitalrealestate.ch\/wp-content\/uploads\/2017\/02\/2017-02-02_14-36-01-150x150.png 150w, https:\/\/www.digitalrealestate.ch\/wp-content\/uploads\/2017\/02\/2017-02-02_14-36-01-160x160.png 160w\" sizes=\"(max-width: 200px) 100vw, 200px\" \/><\/a><\/p>\n<p><strong>Christophe Piffaretti<\/strong> travaille depuis septembre 2014 au sein de Real Estate Investment Management au Credit Suisse. Titulaire d'un Bachelor en sciences \u00e9conomiques et d'un Bachelor en gestion h\u00f4teli\u00e8re internationale, il a \u00e9galement obtenu un Executive MBA \u00e0 la Reims Management School. Christophe Piffaretti est souvent orateur invit\u00e9 dans le cadre de conf\u00e9rences internationales sur l'h\u00f4tellerie et les investissements.[\/vc_column_text][\/vc_column_inner][vc_column_inner width=\"1\/2\"][vc_column_text]<a href=\"https:\/\/www.digitalrealestate.ch\/wp-content\/uploads\/2017\/02\/2017-02-02_14-40-14.png\"><img loading=\"lazy\" decoding=\"async\" class=\"wp-image-2192 size-full alignleft\" src=\"https:\/\/www.digitalrealestate.ch\/wp-content\/uploads\/2017\/02\/2017-02-02_14-40-14.png\" width=\"200\" height=\"200\" srcset=\"https:\/\/www.digitalrealestate.ch\/wp-content\/uploads\/2017\/02\/2017-02-02_14-40-14.png 200w, https:\/\/www.digitalrealestate.ch\/wp-content\/uploads\/2017\/02\/2017-02-02_14-40-14-100x100.png 100w, https:\/\/www.digitalrealestate.ch\/wp-content\/uploads\/2017\/02\/2017-02-02_14-40-14-150x150.png 150w, https:\/\/www.digitalrealestate.ch\/wp-content\/uploads\/2017\/02\/2017-02-02_14-40-14-160x160.png 160w\" sizes=\"(max-width: 200px) 100vw, 200px\" \/><\/a><\/p>\n<p><strong>Raphael Rollier<\/strong> est responsable Programme Smart City chez Swisscom. Passionn\u00e9 par l\u2019utilisation des technologies digitales pour am\u00e9liorer la qualit\u00e9 de vie et permettre une croissance \u00e9conomique durable, il a d\u00e9velopp\u00e9 en co-cr\u00e9ation avec plusieurs villes un outil \u00ab Smart Data \u00bb qui transforme les milliards de donn\u00e9es g\u00e9n\u00e9r\u00e9es par les antennes de t\u00e9l\u00e9phonie mobile en indicateurs de trafic. Il travaille actuellement sur le d\u00e9veloppement d\u2019une m\u00e9thodologie permettant aux villes de r\u00e9ussir leur transition num\u00e9rique, avec une premi\u00e8re \u00e9tude qui identifie notamment les facteurs de succ\u00e8s.[\/vc_column_text][\/vc_column_inner][\/vc_row_inner][vc_row_inner][vc_column_inner width=\"1\/2\"][vc_column_text]<a href=\"https:\/\/www.digitalrealestate.ch\/wp-content\/uploads\/2017\/02\/2017-02-02_14-34-35.png\"><img loading=\"lazy\" decoding=\"async\" class=\"wp-image-2184 size-full alignleft\" src=\"https:\/\/www.digitalrealestate.ch\/wp-content\/uploads\/2017\/02\/2017-02-02_14-34-35.png\" width=\"200\" height=\"200\" srcset=\"https:\/\/www.digitalrealestate.ch\/wp-content\/uploads\/2017\/02\/2017-02-02_14-34-35.png 200w, https:\/\/www.digitalrealestate.ch\/wp-content\/uploads\/2017\/02\/2017-02-02_14-34-35-100x100.png 100w, https:\/\/www.digitalrealestate.ch\/wp-content\/uploads\/2017\/02\/2017-02-02_14-34-35-150x150.png 150w, https:\/\/www.digitalrealestate.ch\/wp-content\/uploads\/2017\/02\/2017-02-02_14-34-35-160x160.png 160w\" sizes=\"(max-width: 200px) 100vw, 200px\" \/><\/a><\/p>\n<p><strong>Blaise Schwerzmann<\/strong> est Innovation Manager du groupe \"IT Innovation\" au sein de Poste Immobilier Management et Services SA. Il a suivi des \u00e9tudes en g\u00e9nie \u00e9lectrique \u00e0 la HEIG-VD \u00e0 Yverdon et a d\u2019abord \u00e9t\u00e9 engag\u00e9 sous mandats externes en tant que chef de projet s\u00e9curit\u00e9 et FM-Manager. En 2014, il a repris au sein de Poste Immobilier Management et Services SA, un poste de chef de projet du service informatique.[\/vc_column_text][\/vc_column_inner][vc_column_inner width=\"1\/2\"][vc_column_text]<a href=\"https:\/\/www.digitalrealestate.ch\/wp-content\/uploads\/2017\/02\/2017-02-02_14-36-47.png\"><img loading=\"lazy\" decoding=\"async\" class=\"wp-image-2187 size-full alignleft\" src=\"https:\/\/www.digitalrealestate.ch\/wp-content\/uploads\/2017\/02\/2017-02-02_14-36-47.png\" width=\"200\" height=\"200\" srcset=\"https:\/\/www.digitalrealestate.ch\/wp-content\/uploads\/2017\/02\/2017-02-02_14-36-47.png 200w, https:\/\/www.digitalrealestate.ch\/wp-content\/uploads\/2017\/02\/2017-02-02_14-36-47-100x100.png 100w, https:\/\/www.digitalrealestate.ch\/wp-content\/uploads\/2017\/02\/2017-02-02_14-36-47-150x150.png 150w, https:\/\/www.digitalrealestate.ch\/wp-content\/uploads\/2017\/02\/2017-02-02_14-36-47-160x160.png 160w\" sizes=\"(max-width: 200px) 100vw, 200px\" \/><\/a><\/p>\n<p><strong>Haig Simonian<\/strong> a \u00e9tudi\u00e9 la Philosophie, la Politique et l\u2019Economie \u00e0 Oxford. Apr\u00e8s une th\u00e8se sur la politique fran\u00e7aise et allemande et une br\u00e8ve incursion dans le domaine de l\u2019investissement bancaire, il a d\u00e9but\u00e9 comme journaliste financier au sein de The Economist. Il a ensuite \u00e9t\u00e9 Correspondant et Chef Correspondant au Financial Times \u00e0 Frankfurt, Milan, Paris et Berlin. Il s\u2019est ensuite install\u00e9 \u00e0 Zurich pour couvrir la Suisse et l\u2019Autriche. En 2012, il s\u2019est install\u00e9 comme \u00e9crivain freelance.[\/vc_column_text][\/vc_column_inner][\/vc_row_inner][vc_row_inner][vc_column_inner width=\"1\/2\"][vc_column_text]<a href=\"https:\/\/www.digitalrealestate.ch\/wp-content\/uploads\/2017\/02\/2017-02-02_14-35-12-1.png\"><img loading=\"lazy\" decoding=\"async\" class=\"size-full wp-image-2201 alignleft\" src=\"https:\/\/www.digitalrealestate.ch\/wp-content\/uploads\/2017\/02\/2017-02-02_14-35-12-1.png\" alt=\"\" width=\"200\" height=\"200\" srcset=\"https:\/\/www.digitalrealestate.ch\/wp-content\/uploads\/2017\/02\/2017-02-02_14-35-12-1.png 200w, https:\/\/www.digitalrealestate.ch\/wp-content\/uploads\/2017\/02\/2017-02-02_14-35-12-1-100x100.png 100w, https:\/\/www.digitalrealestate.ch\/wp-content\/uploads\/2017\/02\/2017-02-02_14-35-12-1-150x150.png 150w, https:\/\/www.digitalrealestate.ch\/wp-content\/uploads\/2017\/02\/2017-02-02_14-35-12-1-160x160.png 160w\" sizes=\"(max-width: 200px) 100vw, 200px\" \/><\/a><\/p>\n<p><strong>Romain du Sordet<\/strong> est Chef de projet et Responsable BIM d\u00e9partement CVC chez Amstein-Walthert \u00e0 Gen\u00e8ve depuis 2015. Au b\u00e9n\u00e9fice d\u2019un Dipl\u00f4me d\u2018Ing\u00e9nieur de l\u2018ECAM \u00e0 Lyon et d\u2019un Master of Science in Mechanical Engineering obtenu au Manhattan College de New York, Romain du Sordet a acquis une exp\u00e9rience internationale de la pr\u00e9sentation des projets 3D.<\/p>\n<p>&nbsp;<\/p>\n<p>&nbsp;<\/p>\n[\/vc_column_text][\/vc_column_inner][vc_column_inner width=\"1\/2\"][\/vc_column_inner][\/vc_row_inner][\/vc_tta_section][vc_tta_section title=\" Information\" tab_id=\"1447592004893-7bc3142c-5493\"][vc_row_inner][vc_column_inner width=\"1\/2\"][vc_column_text]<strong>Date<br \/>\n<\/strong>Mardi, 7. F\u00e9vrier 2017, 8.30 \u2013 16h<\/p>\n<p><strong>Lieu\u00a0de la manifestation<br \/>\n<\/strong>Mus\u00e9e Olympique<br \/>\n<span class=\"_Xbe\">Quai d'Ouchy 1<\/span><br \/>\n1006 Lausanne<\/p>\n<p><a href=\"https:\/\/www.olympic.org\/fr\/musee\/visiter\/infos-pratiques\/acces\" target=\"_blank\" rel=\"noopener\"><strong><span style=\"color: #c3006b;\">Plan de situation<\/span><\/strong><\/a><\/p>\n<p><span style=\"color: #c3006b;\"><strong><a style=\"color: #c3006b;\" href=\"https:\/\/www.digitalrealestate.ch\/wp-content\/uploads\/2016\/11\/events_dre-romandie-17_outlook.ics\">Rendez-vous Outlook<\/a><\/strong><\/span>[\/vc_column_text][\/vc_column_inner][\/vc_row_inner][\/vc_tta_section][vc_tta_section title=\"Questionnaire de satisfaction\" tab_id=\"1486025877567-466dafa8-157b\"][vc_column_text]<a href=\"https:\/\/goo.gl\/forms\/hsi12IaJnnG4egWT2\" target=\"_blank\" rel=\"noopener\">Donnez votre avis sur l\u2019\u00e9v\u00e9nement!<\/a>[\/vc_column_text][\/vc_tta_section][vc_tta_section title=\"Pr\u00e9sentations\" tab_id=\"1486025885736-25654e4d-a9bf\"][vc_column_text]<a href=\"https:\/\/www.digitalrealestate.ch\/wp-content\/uploads\/2017\/02\/01_presentation_sylvain_baron_et_andreas_moser_cisco.pdf\" target=\"_blank\" rel=\"noopener\">Pr\u00e9sentation\u00a0Sylvain Baron et\u00a0Andreas Moser<\/a><\/p>\n<p><a href=\"https:\/\/www.digitalrealestate.ch\/wp-content\/uploads\/2017\/02\/02_presentation_stephane_maye_pom.pdf\" target=\"_blank\" rel=\"noopener\">Pr\u00e9sentation \u00a0St\u00e9phane Maye<\/a><\/p>\n<p><a href=\"https:\/\/www.allocine.fr\/film\/fichefilm_gen_cfilm=240810.html\" target=\"_blank\" rel=\"noopener\">Information Film Gotthard<\/a><\/p>\n<p><a href=\"https:\/\/www.digitalrealestate.ch\/wp-content\/uploads\/2017\/02\/03_presentation_marco_mari_idessin.pdf\" target=\"_blank\" rel=\"noopener\">Pr\u00e9sentation\u00a0Marco Mari<\/a><\/p>\n<p><a href=\"https:\/\/www.digitalrealestate.ch\/wp-content\/uploads\/2017\/02\/04_presentation_blaise_schwerzmann_poste.pdf\" target=\"_blank\" rel=\"noopener\">Pr\u00e9sentation\u00a0Blaise Schwerzmann<\/a><\/p>\n<p><a href=\"https:\/\/www.digitalrealestate.ch\/wp-content\/uploads\/2017\/02\/05_presentation_christophe_piffaretti_credit_suisse.pdf\" target=\"_blank\" rel=\"noopener\">Pr\u00e9sentation\u00a0Christophe Piffaretti<\/a><\/p>\n<p><a href=\"https:\/\/www.digitalrealestate.ch\/wp-content\/uploads\/2017\/02\/06_presentation_christophe_lirot_losinger_marazzi.pdf\" target=\"_blank\" rel=\"noopener\">Pr\u00e9sentation\u00a0Christophe Lirot<\/a><\/p>\n<p><a href=\"https:\/\/www.digitalrealestate.ch\/wp-content\/uploads\/2017\/02\/07_presentation_raphael_rollier_swisscom.pdf\" target=\"_blank\" rel=\"noopener\">Pr\u00e9sentation\u00a0Rapha\u00ebl Rollier<\/a><\/p>\n<p><a href=\"https:\/\/www.digitalrealestate.ch\/wp-content\/uploads\/2017\/02\/08_presentation_laurent_isoard_signaterre.pdf\" target=\"_blank\" rel=\"noopener\">Pr\u00e9sentation\u00a0Laurent Isoard<\/a><\/p>\n<p><a href=\"https:\/\/www.digitalrealestate.ch\/wp-content\/uploads\/2017\/02\/09_presentation_pierre-alain_descloux_schindler.pdf\" target=\"_blank\" rel=\"noopener\">Pr\u00e9sentation\u00a0Matthias Schuler<\/a><\/p>\n<p><a href=\"https:\/\/www.digitalrealestate.ch\/wp-content\/uploads\/2017\/02\/10_presentation_romain_du_sordet_amstein_walthert.pdf\" target=\"_blank\" rel=\"noopener\">Pr\u00e9sentation\u00a0Romain du Sordet<\/a>[\/vc_column_text][\/vc_tta_section][\/vc_tta_accordion][vc_row_inner el_class=\"hide\"][vc_column_inner width=\"1\/3\"][\/vc_column_inner][vc_column_inner width=\"1\/3\"][\/vc_column_inner][vc_column_inner width=\"1\/3\"][\/vc_column_inner][\/vc_row_inner][\/vc_column][\/vc_row]\n<\/div>","protected":false},"excerpt":{"rendered":"<p>[vc_row][vc_column][vc_single_image image=\u00a0\u00bb44&Prime; img_size=\u00a0\u00bbfull\u00a0\u00bb][\/vc_column][\/vc_row][vc_row css=\u00a0\u00bb.vc_custom_1475831074350{margin-bottom: 0px !important;padding-bottom: 0px !important;}\u00a0\u00bb][vc_column][vc_column_text]\n<\/p>\n<p>Mardi, 7. F\u00e9vrier 2017, 8.30 \u2013 16.00 h, Mus\u00e9e Olympique, Lausanne<\/p>\n<p>Lors du 1er Digital Real Estate Summit Romandie by pom+, des pr\u00e9curseurs du monde de la digitalisation et des sp\u00e9cialistes de la branche<\/p>\n","protected":false},"author":1,"featured_media":0,"parent":0,"menu_order":3,"comment_status":"closed","ping_status":"closed","template":"page-nosidebar.php","meta":{"_acf_changed":false,"_monsterinsights_skip_tracking":false,"_monsterinsights_sitenote_active":false,"_monsterinsights_sitenote_note":"","_monsterinsights_sitenote_category":0,"footnotes":"","_links_to":"","_links_to_target":""},"class_list":["post-2121","page","type-page","status-publish","hentry"],"acf":[],"_links":{"self":[{"href":"https:\/\/www.digitalrealestate.ch\/fr\/wp-json\/wp\/v2\/pages\/2121"}],"collection":[{"href":"https:\/\/www.digitalrealestate.ch\/fr\/wp-json\/wp\/v2\/pages"}],"about":[{"href":"https:\/\/www.digitalrealestate.ch\/fr\/wp-json\/wp\/v2\/types\/page"}],"author":[{"embeddable":true,"href":"https:\/\/www.digitalrealestate.ch\/fr\/wp-json\/wp\/v2\/users\/1"}],"replies":[{"embeddable":true,"href":"https:\/\/www.digitalrealestate.ch\/fr\/wp-json\/wp\/v2\/comments?post=2121"}],"version-history":[{"count":59,"href":"https:\/\/www.digitalrealestate.ch\/fr\/wp-json\/wp\/v2\/pages\/2121\/revisions"}],"predecessor-version":[{"id":4107,"href":"https:\/\/www.digitalrealestate.ch\/fr\/wp-json\/wp\/v2\/pages\/2121\/revisions\/4107"}],"wp:attachment":[{"href":"https:\/\/www.digitalrealestate.ch\/fr\/wp-json\/wp\/v2\/media?parent=2121"}],"curies":[{"name":"wp","href":"https:\/\/api.w.org\/{rel}","templated":true}]}}