{"id":4640,"date":"2018-08-31T11:43:04","date_gmt":"2018-08-31T10:43:04","guid":{"rendered":"https:\/\/www.digitalrealestate.ch\/digital-real-estate-summit-2019\/"},"modified":"2019-02-14T17:11:47","modified_gmt":"2019-02-14T16:11:47","slug":"digital-real-estate-summit-romandie-2019","status":"publish","type":"page","link":"https:\/\/www.digitalrealestate.ch\/fr\/digital-real-estate-summit-romandie-2019\/","title":{"rendered":"Digital Real Estate Summit Romandie 2019"},"content":{"rendered":"<div class=\"wpb-content-wrapper\">[vc_row content_placement=\"middle\" parallax=\"content-moving\" parallax_image=\"4550\" parallax_speed_bg=\"1\" css_animation=\"none\" full_width=\"stretch\" css=\".vc_custom_1544025631701{margin-top: 30px !important;margin-bottom: 30px !important;padding-top: 100px !important;padding-bottom: 50px !important;}\"][vc_column css_animation=\"top-to-bottom\"][vc_column_text css=\".vc_custom_1545319146043{padding-top: 30px !important;}\"]\n<h1 class=\"header\" style=\"text-align: center;\">3\u00e8me Digital Real Estate Summit Romandie 2019<\/h1>\n[\/vc_column_text][\/vc_column][\/vc_row][vc_row css=\".vc_custom_1549038306497{margin-bottom: 0px !important;padding-bottom: 0px !important;}\"][vc_column width=\"1\/6\"][\/vc_column][vc_column width=\"2\/3\"][vc_column_text]\n<h4 style=\"text-align: center;\">Jeudi, 7 f\u00e9vrier 2019, 8h30 \u2013 16h00<br \/>\n<strong>Mus\u00e9e Olympique, Lausanne<\/strong><\/h4>\n<p style=\"text-align: center;\">Le Digital Real Estate Summit Romandie est la plateforme id\u00e9ale pour tous ceux qui consid\u00e8rent le monde virtuel comme une chance et veulent saisir les opportunit\u00e9s d\u2019affaires qui y sont li\u00e9es\u2026 car beaucoup de choses deviennent possibles avec les bonnes informations.<\/p>\n<p style=\"text-align: center;\">pom+Consulting, en partenariat avec la SVIT Swiss Real Estate School, se r\u00e9jouit de vous y rencontrer.<\/p>\n[\/vc_column_text][vc_single_image image=\"5837\" img_size=\"full\" alignment=\"center\" css=\".vc_custom_1549038521180{padding-top: 0px !important;padding-bottom: 0px !important;}\"][\/vc_column][vc_column width=\"1\/6\"][\/vc_column][\/vc_row][vc_row][vc_column][vc_tta_accordion shape=\"square\" color=\"juicy-pink\" spacing=\"1\" gap=\"1\" c_align=\"center\" c_icon=\"chevron\" c_position=\"right\" active_section=\"15\" no_fill=\"true\"][vc_tta_section title=\"Information\" tab_id=\"1447592004893-7bc3142c-5493\" el_class=\"smallerspace\"][vc_row_inner][vc_column_inner][vc_column_text]<strong>Date<br \/>\n<\/strong>Jeudi, 7 F\u00e9vrier 2019, 8h30 \u2013 16h<\/p>\n<p>&nbsp;<\/p>\n<p><strong>Prix du s\u00e9minaire<\/strong><\/p>\n<p>CHF 590.\u2013 (TVA incluse)<br \/>\nCHF 380.\u2013 (TVA incluse) pour les membres du SVIT Romandie<\/p>\n<p>&nbsp;<\/p>\n<p>Sont compris : pr\u00e9sentations des conf\u00e9renciers sous format \u00e9lectronique, accueil caf\u00e9-croissants, pause caf\u00e9 et repas de midi.<\/p>\n<p>&nbsp;<\/p>\n<p><strong>Lieu\u00a0de la manifestation<\/strong><\/p>\n<p>Mus\u00e9e Olympique<br \/>\n<span class=\"_Xbe\">Quai d'Ouchy 1<\/span><br \/>\n1006 Lausanne<\/p>\n<p>&nbsp;<\/p>\n<p><a href=\"https:\/\/www.olympic.org\/fr\/musee\/visiter\/infos-pratiques\/acces\" target=\"_blank\" rel=\"noopener\"><strong>Plan de situation<\/strong><\/a>[\/vc_column_text][vc_column_text el_class=\"hide\"]<strong>Brosch\u00fcre<br \/>\n<a href=\"https:\/\/www.digitalrealestate.ch\/wp-content\/uploads\/2018\/02\/DRE_Summit_2018_Booklet_definitiv.pdf\" target=\"_blank\" rel=\"noopener\">Download<\/a><\/strong>[\/vc_column_text][\/vc_column_inner][\/vc_row_inner][\/vc_tta_section][vc_tta_section title=\"Programme\" tab_id=\"1447580043464-866e569e-177d\" el_class=\"smallerspace\"][vc_row_inner el_class=\"programm\"][vc_column_inner][vc_column_text]<a href=\"https:\/\/www.digitalrealestate.ch\/wp-content\/uploads\/2019\/02\/Flyer_SvitSchool_Seminaire_07.02.2019_DRES-1.pdf\" target=\"_blank\" rel=\"noopener\">Programme PDF<\/a><\/p>\n<h5><\/h5>\n[\/vc_column_text][vc_column_text]\n<table id=\"tablepress-7\" class=\"tablepress tablepress-id-7 tbody-has-connected-cells\">\n<tbody class=\"row-striping row-hover\">\n<tr class=\"row-1\">\n\t<td class=\"column-1\">8.30 h<\/td><td colspan=\"2\" class=\"column-2\">Caf\u00e9 d'accueil<\/td>\n<\/tr>\n<tr class=\"row-2\">\n\t<td class=\"column-1\"><\/td><td colspan=\"2\" class=\"column-2\"><\/td>\n<\/tr>\n<tr class=\"row-3\">\n\t<td class=\"column-1\">9.00 h<\/td><td colspan=\"2\" class=\"column-2\">Mot de bienvenue<\/td>\n<\/tr>\n<tr class=\"row-4\">\n\t<td class=\"column-1\"><\/td><td colspan=\"2\" class=\"column-2\">St\u00e9phane Maye<br \/>\nPartenaire, pom+Consulting<\/td>\n<\/tr>\n<tr class=\"row-5\">\n\t<td class=\"column-1\">9.05 h<\/td><td colspan=\"2\" class=\"column-2\">Transformation digitale des entreprises<\/td>\n<\/tr>\n<tr class=\"row-6\">\n\t<td class=\"column-1\"><\/td><td colspan=\"2\" class=\"column-2\">Dominique Turpin<br \/>\nStrategy and Technology Management, IMD<\/td>\n<\/tr>\n<tr class=\"row-7\">\n\t<td class=\"column-1\">9.45 h<\/td><td colspan=\"2\" class=\"column-2\">BIM - Projet Veillon<\/td>\n<\/tr>\n<tr class=\"row-8\">\n\t<td class=\"column-1\"><\/td><td colspan=\"2\" class=\"column-2\">Aymeric Sevestre<br \/>\nSenior Consultant, pom+Consulting<\/td>\n<\/tr>\n<tr class=\"row-9\">\n\t<td class=\"column-1\">10.15 h<\/td><td class=\"column-2\">New Working Models - Co-working<\/td><td class=\"column-3\"><\/td>\n<\/tr>\n<tr class=\"row-10\">\n\t<td class=\"column-1\"><\/td><td colspan=\"2\" class=\"column-2\">Andreas Schollin-Borg<br \/>\nCo-founder &amp; CEO, Gotham et Batmaid<\/td>\n<\/tr>\n<tr class=\"row-11\">\n\t<td class=\"column-1\">10.45 h<\/td><td colspan=\"2\" class=\"column-2\">Pause-caf\u00e9<\/td>\n<\/tr>\n<tr class=\"row-12\">\n\t<td class=\"column-1\"><\/td><td colspan=\"2\" class=\"column-2\"><\/td>\n<\/tr>\n<tr class=\"row-13\">\n\t<td class=\"column-1\">11.15 h<\/td><td colspan=\"2\" class=\"column-2\">(R)\u00e9volution de leaders<\/td>\n<\/tr>\n<tr class=\"row-14\">\n\t<td class=\"column-1\"><\/td><td class=\"column-2\">Susanne Zenker<br \/>\nCheffe du D\u00e9veloppement \/ Membre de la<br \/>\nDirection, CFF Immobilier<br \/>\n<br \/>\nS\u00e9bastien Gloor<br \/>\nResponsable du succursale, Livit Real Estate Management<br \/>\n<br \/>\nThomas Gianora<br \/>\nD\u00e9veloppeur Projets immobiliers, Swisscanto Invest<br \/>\nby Z\u00fcrcher Kantonalbank<\/td><td class=\"column-3\"><\/td>\n<\/tr>\n<tr class=\"row-15\">\n\t<td class=\"column-1\">12.30 h<\/td><td colspan=\"2\" class=\"column-2\">Cocktail d\u00eenatoire<\/td>\n<\/tr>\n<tr class=\"row-16\">\n\t<td class=\"column-1\"><\/td><td class=\"column-2\"><\/td><td class=\"column-3\"><\/td>\n<\/tr>\n<tr class=\"row-17\">\n\t<td class=\"column-1\">14.00 h<\/td><td colspan=\"2\" class=\"column-2\">Solutions et Perspectives<\/td>\n<\/tr>\n<tr class=\"row-18\">\n\t<td class=\"column-1\"><\/td><td colspan=\"2\" class=\"column-2\">Stefano Lepri<br \/>\nExpert, pom+Consulting<br \/>\n<br \/>\nGuillaume Dubray<br \/>\nManaging Partner, Polytech Ventures<br \/>\nFondateur de FUSION<br \/>\nBatmaid | Wild.dots | Tower 360 | Parquery<\/td>\n<\/tr>\n<tr class=\"row-19\">\n\t<td class=\"column-1\">15.15 h<\/td><td colspan=\"2\" class=\"column-2\">So what?<\/td>\n<\/tr>\n<tr class=\"row-20\">\n\t<td class=\"column-1\"><\/td><td colspan=\"2\" class=\"column-2\">Bruno Marchand<br \/>\nProfesseur, Ecole Polytechnique<br \/>\nF\u00e9d\u00e9rale de Lausanne (EPFL)<\/td>\n<\/tr>\n<tr class=\"row-21\">\n\t<td class=\"column-1\">15.45 h<\/td><td colspan=\"2\" class=\"column-2\">Conclusion<\/td>\n<\/tr>\n<tr class=\"row-22\">\n\t<td class=\"column-1\"><\/td><td colspan=\"2\" class=\"column-2\">St\u00e9phane Maye<br \/>\nPartenaire, pom+Consulting<\/td>\n<\/tr>\n<tr class=\"row-23\">\n\t<td class=\"column-1\">16.00 h<\/td><td colspan=\"2\" class=\"column-2\">FIN<\/td>\n<\/tr>\n<\/tbody>\n<\/table>\n<!-- #tablepress-7 from cache -->[\/vc_column_text][\/vc_column_inner][\/vc_row_inner][\/vc_tta_section][vc_tta_section title=\"Intervenants\" tab_id=\"1549016055770-1a66aa63-82ae\"][vc_row_inner css=\".vc_custom_1549035641884{margin-top: 20px !important;}\"][vc_column_inner width=\"1\/3\"]<div class=\"member\" style=\"text-align:left;\"><div class='member-img'><img src='https:\/\/www.digitalrealestate.ch\/wp-content\/uploads\/2019\/02\/Tafsir_Ba-470x340.jpg' alt='' \/><\/div> \n          <div class=\"inner\">\n            <div class=\"name\">Tafsir Ba<\/div>\n            <div class=\"member-role\"><\/div>\n            <div class=\"member-description\">Tafsir Ba \u00e0 co-fond\u00e9 Wild Dots SARL en 2015. Il est responsable du d\u00e9veloppement produit &amp; marque. Pendant les 10 derni\u00e8res ann\u00e9es, Tafsir a eu la chance de travailler en tant que marketing manager sur la digitalisation et l\u2019int\u00e9gration de nouvelles technologies dans la strat\u00e9gie produit de diverses marques globales avec des soci\u00e9t\u00e9s comme P&amp;G, Duracell &amp; Coty. Fort de cette exp\u00e9rience, Tafsir \u00e0 d\u00e9cid\u00e9 de mettre cette expertise au service de l\u2019immobilier \u00e0 travers Wild Dots SARL.<\/p>\n<p>&nbsp;<\/p>\n<p>&nbsp;<\/p>\n<p>&nbsp;<\/p>\n<p>&nbsp;<\/p>\n<p>&nbsp;<\/p>\n<p>&nbsp;<\/p>\n<p>&nbsp;<\/p>\n<p>&nbsp;<\/p>\n<p>&nbsp;<\/p>\n<p>&nbsp;<\/p>\n<p>&nbsp;<\/p>\n<p>&nbsp;<\/p>\n<p>&nbsp;<\/p>\n<p>&nbsp;<\/p>\n<p>&nbsp;<\/p>\n<p>&nbsp;<\/p>\n<p>&nbsp;<\/p>\n<p>&nbsp;<\/p>\n<\/div><\/div>\n        <\/div>[\/vc_column_inner][vc_column_inner width=\"1\/3\"]<div class=\"member\" style=\"text-align:left;\"><div class='member-img'><img src='https:\/\/www.digitalrealestate.ch\/wp-content\/uploads\/2019\/02\/Dubray_Guillaume_2-400x340.jpg' alt='' \/><\/div> \n          <div class=\"inner\">\n            <div class=\"name\">Guillaume Dubray<\/div>\n            <div class=\"member-role\"><\/div>\n            <div class=\"member-description\">Guillaume Dubray,\u00a0<span lang=\"EN-US\">associ\u00e9 directeur de Polytech Ventures, une soci\u00e9t\u00e9 de capital-risque bas\u00e9e \u00e0 L<a name=\"_GoBack\"><\/a>ausanne (EPFL) et dans la Silicon Valley qui investit dans le d\u00e9marrage num\u00e9rique, en particulier dans les FinTech et HealthTech. Guillaume est le fondateur de FUSION, le premier acc\u00e9l\u00e9rateur FinTech de Suisse bas\u00e9 \u00e0 Gen\u00e8ve. Auparavant, il a cofond\u00e9 Active Niche Funds SA, une soci\u00e9t\u00e9 d'investissement sp\u00e9cialis\u00e9e dans le secteur des CleanTech. Avant cela, il \u00e9tait responsable de diverses activit\u00e9s d'investissement et de conseil en capital-risque pour Rothschild \u00e0 Gen\u00e8ve. Guillaume a plus de 15 ans d'exp\u00e9rience dans le private equity et le corporate finance. Il a d\u00e9but\u00e9 sa carri\u00e8re chez Ernst &amp; Young \u00e0 Gen\u00e8ve, puis s'est install\u00e9 \u00e0 New York, o\u00f9 il a travaill\u00e9 comme conseiller en fusions et acquisitions pour de grands fonds de Private Equity am\u00e9ricains. <\/span><\/p>\n<p>&nbsp;<\/p>\n<p>&nbsp;<\/p>\n<p>&nbsp;<\/p>\n<p>&nbsp;<\/p>\n<p>&nbsp;<\/p>\n<p>&nbsp;<\/p>\n<p>&nbsp;<\/p>\n<p>&nbsp;<\/p>\n<p>&nbsp;<\/p>\n<\/div><\/div>\n        <\/div>[\/vc_column_inner][vc_column_inner width=\"1\/3\"]<div class=\"member\" style=\"text-align:left;\"><div class='member-img'><img src='https:\/\/www.digitalrealestate.ch\/wp-content\/uploads\/2019\/02\/Sebastien_Gloor-400x340.jpg' alt='' \/><\/div> \n          <div class=\"inner\">\n            <div class=\"name\">S\u00e9bastien Gloor<\/div>\n            <div class=\"member-role\"><\/div>\n            <div class=\"member-description\">Titulaire du CFC d\u2019employ\u00e9 de commerce dans le domaine de la g\u00e9rance immobili\u00e8re dont il est actif depuis plus de 10 ans, il a int\u00e9gr\u00e9 le d\u00e9partement de la comptabilit\u00e9 immobili\u00e8re de la soci\u00e9t\u00e9 Livit d\u00e9but 2008, et s\u2019est vu confi\u00e9 la responsabilit\u00e9 de ce service en 2013 apr\u00e8s un stage d\u2019une ann\u00e9e en Suisse Al\u00e9manique.\u00a0Ses fonctions de chef de groupe, l\u2019am\u00e8nent \u00e0 superviser tout ce qui a trait \u00e0 la facturation, ainsi qu\u2019\u00e0 l\u2019\u00e9tablissement des diff\u00e9rents d\u00e9comptes propres \u00e0 la branche immobili\u00e8re, comme les d\u00e9comptes de chauffage et frais accessoires, les d\u00e9comptes de gestion, ou les d\u00e9comptes acheteur\/vendeur. Ces diff\u00e9rentes t\u00e2ches lui permettent \u00e9galement de dispenser \u00e0 l\u2019interne du groupe, bon nombre de formations sur des sujets tels que la TVA immobili\u00e8re ou la gestion des d\u00e9biteurs. Un plus dans son parcours professionnel au sein de la soci\u00e9t\u00e9 Livit, il a eu l\u2019occasion d\u2019\u00eatre en charge de la comptabilit\u00e9 de son unit\u00e9 durant son service militaire. Ces exp\u00e9riences pratiques l\u2019ont amen\u00e9 \u00e0 suivre le cursus du Brevet F\u00e9d\u00e9ral de sp\u00e9cialiste en finance et comptabilit\u00e9 o\u00f9 il a \u00e9t\u00e9 couronn\u00e9 avec succ\u00e8s d\u2019un certificat en comptabilit\u00e9 financi\u00e8re et d\u2019un certificat en comptabilit\u00e9 analytique. Il a obtenu en 2016 le Brevet F\u00e9d\u00e9ral de sp\u00e9cialiste en finance et comptabilit\u00e9.<\/div><\/div>\n        <\/div>[\/vc_column_inner][\/vc_row_inner][vc_row_inner css=\".vc_custom_1549035650366{margin-top: 20px !important;}\"][vc_column_inner width=\"1\/3\"]<div class=\"member\" style=\"text-align:left;\"><div class='member-img'><img src='https:\/\/www.digitalrealestate.ch\/wp-content\/uploads\/2019\/02\/Gianora_Thomas-470x340.jpg' alt='' \/><\/div> \n          <div class=\"inner\">\n            <div class=\"name\">Thomas Gianora<\/div>\n            <div class=\"member-role\"><\/div>\n            <div class=\"member-description\">Thomas Gianora est d\u00e9veloppeur de projets immobiliers chez Swisscanto Invest by Z\u00fcrcher Kantonalbank depuis 2012. Titulaire d\u2019un master en gestion urbaine et immobili\u00e8re, il g\u00e8re actuellement une quinzaine de projets immobiliers repr\u00e9sentant un investissement total d'environ 1,2 milliard de francs.<\/p>\n<p>&nbsp;<\/p>\n<p>&nbsp;<\/p>\n<p>&nbsp;<\/p>\n<p>&nbsp;<\/p>\n<p>&nbsp;<\/p>\n<p>&nbsp;<\/p>\n<p>&nbsp;<\/p>\n<p>&nbsp;<\/p>\n<p>&nbsp;<\/p>\n<p>&nbsp;<\/p>\n<p>&nbsp;<\/p>\n<p>&nbsp;<\/p>\n<p>&nbsp;<\/p>\n<p>&nbsp;<\/p>\n<\/div><\/div>\n        <\/div>[\/vc_column_inner][vc_column_inner width=\"1\/3\"]<div class=\"member\" style=\"text-align:left;\"><div class='member-img'><img src='https:\/\/www.digitalrealestate.ch\/wp-content\/uploads\/2019\/02\/Lepri_Stefano-2-400x340.jpg' alt='' \/><\/div> \n          <div class=\"inner\">\n            <div class=\"name\">Stefano Lepri<\/div>\n            <div class=\"member-role\"><\/div>\n            <div class=\"member-description\">Stefano Lepri <span lang=\"FR-CH\">est Consultant chez pom+Consulting depuis 2013. Il est titulaire d\u2019un Master en syst\u00e8mes de communication de l\u2019EPFL. Ses exp\u00e9riences professionnelles ont fait de lui un excellent gestionnaire de projet capable d\u2019apporter \u00e0 ses clients des solutions technologiques et organisationnelles adapt\u00e9es aux besoins du march\u00e9. Il est actuellement en charge de la gestion de projets digitaux au sein du bureau lausannois de pom+ et s\u2019est sp\u00e9cialis\u00e9 dans le cycle de vie de l\u2019immobilier afin d\u2019y apporter une vision d\u2019avenir orient\u00e9e utilisateur. Il se voit comme un facilitateur des d\u00e9marches d\u2019\u00e9volution de ses clients.<\/span><\/p>\n<p>&nbsp;<\/p>\n<p>&nbsp;<\/p>\n<p>&nbsp;<\/p>\n<p>&nbsp;<\/p>\n<p>&nbsp;<\/p>\n<p>&nbsp;<\/p>\n<p>&nbsp;<\/p>\n<p>&nbsp;<\/p>\n<\/div><\/div>\n        <\/div>[\/vc_column_inner][vc_column_inner width=\"1\/3\"]<div class=\"member\" style=\"text-align:left;\"><div class='member-img'><img src='https:\/\/www.digitalrealestate.ch\/wp-content\/uploads\/2019\/02\/Marchand_Bruno-3-400x340.jpg' alt='' \/><\/div> \n          <div class=\"inner\">\n            <div class=\"name\">Bruno Marchand<\/div>\n            <div class=\"member-role\"><\/div>\n            <div class=\"member-description\">Bruno Marchand obtient son dipl\u00f4me en architecture \u00e0 l\u2019EPFL en 1980. D\u00e8s 1987, il devient collaborateur scientifique \u00e0 l\u2019Institut de Th\u00e9orie et d\u2019Histoire de l\u2019Architecture et en 1992 il obtient le titre de docteur \u00e8s sciences de l\u2019EPFL par la pr\u00e9sentation d\u2019une th\u00e8se consacr\u00e9e \u00e0 la typologie des logements collectifs genevois. Nomm\u00e9 professeur assistant au D\u00e9partement d\u2019architecture en 1993, il est charg\u00e9 du cours de th\u00e9orie de l\u2019architecture en 2\u00e8me ann\u00e9e et de la responsabilit\u00e9 de l\u2019Unit\u00e9 d\u2019enseignement B \u2013 Critique architecturale. Le 1er ao\u00fbt 1997, il est nomm\u00e9 professeur ordinaire en th\u00e9orie de l\u2019architecture et devient, \u00e0 partir de 1999, directeur de l\u2019ITHA. \u00a0D\u00e8s 2001, il devient membre associ\u00e9 du bureau d\u2019urbanisme DeLaMa avec Patrick Devanth\u00e9ry et In\u00e8s Lamuni\u00e8re. Il s\u2019occupe actuellement d\u2019\u00e9tudes d\u2019am\u00e9nagement du territoire et d\u2019urbanisme en tant qu\u2019ind\u00e9pendant. Il dirige la collection <em>Cahiers de th\u00e9orie<\/em> et est r\u00e9dacteur-en-chef de la revue <em>mati\u00e8res<\/em>.<\/div><\/div>\n        <\/div>[\/vc_column_inner][\/vc_row_inner][vc_row_inner css=\".vc_custom_1549035658038{margin-top: 20px !important;}\"][vc_column_inner width=\"1\/3\"]<div class=\"member\" style=\"text-align:left;\"><div class='member-img'><img src='https:\/\/www.digitalrealestate.ch\/wp-content\/uploads\/2019\/02\/StephaneMaye-400x340.jpg' alt='' \/><\/div> \n          <div class=\"inner\">\n            <div class=\"name\">St\u00e9phane Maye<\/div>\n            <div class=\"member-role\"><\/div>\n            <div class=\"member-description\">St\u00e9phane Maye <span lang=\"FR-CH\">est membre de la direction et partenaire de pom+Consulting depuis 2009. Il est actuellement responsable du bureau romand de pom+. Depuis son arriv\u00e9e chez pom+, il s\u2019est sp\u00e9cialis\u00e9 dans le cycle de vie de l\u2019immobilier afin de garantir \u00e0 l\u2019utilisateur des conditions parfaites d\u2019exploitation. Il se voit en tant que chef d\u2019orchestre m\u00e9nageant chaque note, m\u00eame les plus discr\u00e8tes tout en donnant du rythme et de la rigueur \u00e0 la r\u00e9alisation de l\u2019\u0153uvre dans son ensemble.<\/span><\/p>\n<p>&nbsp;<\/p>\n<p>&nbsp;<\/p>\n<\/div><\/div>\n        <\/div>[\/vc_column_inner][vc_column_inner width=\"1\/3\"]<div class=\"member\" style=\"text-align:left;\"><div class='member-img'><img src='https:\/\/www.digitalrealestate.ch\/wp-content\/uploads\/2019\/02\/Satya_Lekh-400x340.jpg' alt='' \/><\/div> \n          <div class=\"inner\">\n            <div class=\"name\">Satya-Lekh Proag<\/div>\n            <div class=\"member-role\"><\/div>\n            <div class=\"member-description\">Satya-Lekh Proag est ing\u00e9nieur et \u00e9conomiste de formation. Il occupe actuellement le poste de Business Developer \u00e0 Parquery SA, et est responsable de l\u2019activit\u00e9 commerciale de l\u2019entreprise. Parquery d\u00e9tecte des v\u00e9hicules dans des photographies et indique en temps-r\u00e9el o\u00f9 se trouvent les places de stationnement disponibles, ainsi que la dur\u00e9e de chaque v\u00e9hicule stationn\u00e9, afin de donner plus de valeur aux actifs immobiliers. Cr\u00e9\u00e9e en 2014 comme spin-off de l\u2019ETH Z\u00fcrich, Parquery op\u00e8re aujourd\u2019hui plus de 50 projets de stationnement dans 30 pas autour du monde.<\/div><\/div>\n        <\/div>[\/vc_column_inner][vc_column_inner width=\"1\/3\"]<div class=\"member\" style=\"text-align:left;\"><div class='member-img'><img src='https:\/\/www.digitalrealestate.ch\/wp-content\/uploads\/2019\/02\/Schollin-Borg-Andreas_2-400x340.jpg' alt='' \/><\/div> \n          <div class=\"inner\">\n            <div class=\"name\">Andreas Borg Schollin<\/div>\n            <div class=\"member-role\"><\/div>\n            <div class=\"member-description\">Andreas Schollin Borg a obtenu en 2012 un master de trading de mati\u00e8res premi\u00e8res \u00e0 Gen\u00e8ve. Apr\u00e8s deux ans de pratique dans ce domaine, il co-fonde Batmaid.et en devient le CEO. En 2017, il devient le co-fondateur de Gotham.et en devient le CEO.<\/p>\n<p>&nbsp;<\/p>\n<p>&nbsp;<\/p>\n<p>&nbsp;<\/p>\n<p>&nbsp;<\/p>\n<p>&nbsp;<\/p>\n<p>&nbsp;<\/p>\n<p>&nbsp;<\/p>\n<p>&nbsp;<\/p>\n<\/div><\/div>\n        <\/div>[\/vc_column_inner][\/vc_row_inner][vc_row_inner css=\".vc_custom_1549035658038{margin-top: 20px !important;}\"][vc_column_inner width=\"1\/3\"]<div class=\"member\" style=\"text-align:left;\"><div class='member-img'><img src='https:\/\/www.digitalrealestate.ch\/wp-content\/uploads\/2019\/02\/Sevestre_Aymeric-400x340.jpg' alt='' \/><\/div> \n          <div class=\"inner\">\n            <div class=\"name\">Aymeric Sevestre<\/div>\n            <div class=\"member-role\"><\/div>\n            <div class=\"member-description\">Aymeric Sevestre est titulaire d\u2019un doctorat en management de la technologie de l\u2019EPFL. Sa formation de base en g\u00e9nie civil l\u2019a conduit \u00e0 accompagner de nombreux projets d\u2019infrastructures puis de b\u00e2timents. Senior Consultant chez pom+Consulting depuis 2016, il conseille les Ma\u00eetres d\u2019Ouvrage tout au long du processus de d\u00e9veloppement des projets de construction. Il apporte \u00e0 ses clients, ses exp\u00e9riences dans des projets industriels, de bureaux ou de nouveaux quartiers. Son r\u00f4le de conseils pour divers Ma\u00eetre d\u2019Ouvrage l\u2019am\u00e8ne \u00e0 avoir une vision g\u00e9n\u00e9rale du pilotage et des processus d\u2019organisation des projets immobiliers.<\/p>\n<p>&nbsp;<\/p>\n<p>&nbsp;<\/p>\n<p>&nbsp;<\/p>\n<p>&nbsp;<\/p>\n<p>&nbsp;<\/p>\n<p>&nbsp;<\/p>\n<p>&nbsp;<\/p>\n<p>&nbsp;<\/p>\n<p>&nbsp;<\/p>\n<p>&nbsp;<\/p>\n<p>&nbsp;<\/p>\n<p>&nbsp;<\/p>\n<p>&nbsp;<\/p>\n<\/div><\/div>\n        <\/div>[\/vc_column_inner][vc_column_inner width=\"1\/3\"]<div class=\"member\" style=\"text-align:left;\"><div class='member-img'><img src='https:\/\/www.digitalrealestate.ch\/wp-content\/uploads\/2019\/02\/Turpin_Dominique-400x340.jpg' alt='' \/><\/div> \n          <div class=\"inner\">\n            <div class=\"name\">Dominique Turpin<\/div>\n            <div class=\"member-role\"><\/div>\n            <div class=\"member-description\">Dominique Turpin est dipl\u00f4m\u00e9 de l'ESSCA en France. Il a obtenu un doctorat en \u00e9conomie de l'Universit\u00e9 Sophia \u00e0 Tokyo, au Japon. Il a travaill\u00e9 comme consultant et formateur en management pour un grand nombre d'entreprises internationales, notamment : Coca Cola, CPW, Danone, DSM, Jardine Matheson, Nestl\u00e9, Novo Nordisk, Philips et Uponor. Il a \u00e9galement \u00e9t\u00e9 membre du conseil d'administration d'ITOCHU Europe, une importante soci\u00e9t\u00e9 commerciale japonaise et de l'Ecole H\u00f4teli\u00e8re de Lausanne. Il a \u00e9t\u00e9 pr\u00e9sident de l'IMD de juillet 2010 \u00e0 fin 2016. Il a \u00e9galement \u00e9t\u00e9 professeur Nestl\u00e9 \u00e0 l'IMD. Avant de rejoindre l'IMD, il a pass\u00e9 plusieurs ann\u00e9es \u00e0 Tokyo en tant que repr\u00e9sentant d'une soci\u00e9t\u00e9 fran\u00e7aise au Japon. Il a \u00e9t\u00e9 professeur invit\u00e9 \u00e0 la Keio Graduate School of Business Administration, au Japon. Depuis 1994, le professeur Turpin repr\u00e9sente l'IMD au Conseil acad\u00e9mique de la China-Europe International Business School \u00e0 Shanghai (R\u00e9publique populaire de Chine). Il poss\u00e8de une vaste exp\u00e9rience de l'enseignement, du conseil et de la recherche dans les domaines du marketing et de la strat\u00e9gie internationale tant en Europe qu'en Asie et en Am\u00e9rique latine, en particulier dans le domaine de la gestion des marques, de l'orientation client et de la strat\u00e9gie de communication.<\/div><\/div>\n        <\/div>[\/vc_column_inner][vc_column_inner width=\"1\/3\"]<div class=\"member\" style=\"text-align:left;\"><div class='member-img'><img src='https:\/\/www.digitalrealestate.ch\/wp-content\/uploads\/2019\/02\/Julian-Vogel-Photo-470x340.jpg' alt='' \/><\/div> \n          <div class=\"inner\">\n            <div class=\"name\">Julian Vogel<\/div>\n            <div class=\"member-role\"><\/div>\n            <div class=\"member-description\">Julian Vogel (34 ans) est le cofondateur et le directeur g\u00e9n\u00e9ral de Tower360. Il a d\u2019abord travaill\u00e9 dans le global asset management chez UBS, avant d\u2019exercer dans le corporate development \/ M&amp;A au sein de la multinationale SCA. Durant son MBA \u00e0 la Wharton Business School avec une sp\u00e9cialisation dans l\u2019immobilier, il a cr\u00e9\u00e9 Tower360 avec son cofondateur, Chakra Banerjee, dans le but d\u2019aider les grands investisseurs immobiliers \u00e0 simplifier la gestion de leurs portefeuilles.<\/p>\n<p>&nbsp;<\/p>\n<p>&nbsp;<\/p>\n<p>&nbsp;<\/p>\n<p>&nbsp;<\/p>\n<p>&nbsp;<\/p>\n<p>&nbsp;<\/p>\n<p>&nbsp;<\/p>\n<p>&nbsp;<\/p>\n<p>&nbsp;<\/p>\n<p>&nbsp;<\/p>\n<p>&nbsp;<\/p>\n<p>&nbsp;<\/p>\n<p>&nbsp;<\/p>\n<p>&nbsp;<\/p>\n<p>&nbsp;<\/p>\n<p>&nbsp;<\/p>\n<p>&nbsp;<\/p>\n<p>&nbsp;<\/p>\n<\/div><\/div>\n        <\/div>[\/vc_column_inner][\/vc_row_inner][vc_row_inner css=\".vc_custom_1549035658038{margin-top: 20px !important;}\"][vc_column_inner width=\"1\/3\"]<div class=\"member\" style=\"text-align:left;\"><div class='member-img'><img src='https:\/\/www.digitalrealestate.ch\/wp-content\/uploads\/2019\/02\/Zenker_Susanne-400x340.jpg' alt='' \/><\/div> \n          <div class=\"inner\">\n            <div class=\"name\">Susanne Zenker<\/div>\n            <div class=\"member-role\"><\/div>\n            <div class=\"member-description\">Susanne Zenker est depuis janvier 2019 \u00e0 la t\u00eate du D\u00e9veloppement et membre de la direction de la Division Immobilier des CFF.<br \/>\nDipl\u00f4m\u00e9e \u00e0 l\u2019EPFL elle \u00e9tait d\u2019abord active comme architecte \u00e0 Londres puis \u00e0 Z\u00fcrich sur divers projets prim\u00e9s. Apr\u00e8s pr\u00e8s de dix ans au d\u00e9veloppement immobilier chez Steiner SA, elle a rejoint il y a six ans CFF Immobilier. Ces derni\u00e8res ann\u00e9es, \u00e0 la t\u00eate du d\u00e9veloppement des objets de placement, elle \u00e9tait responsable dans toute la Suisse du d\u00e9veloppement et de la cr\u00e9ation de nouveaux quartiers urbains sur les terrains des CFF.<\/div><\/div>\n        <\/div>[\/vc_column_inner][vc_column_inner width=\"1\/3\"][\/vc_column_inner][vc_column_inner width=\"1\/3\"][\/vc_column_inner][\/vc_row_inner][vc_row_inner disable_element=\"yes\" el_class=\"hide\"][vc_column_inner width=\"1\/2\"][\/vc_column_inner][vc_column_inner width=\"1\/2\"][vc_column_text]<img loading=\"lazy\" decoding=\"async\" class=\"alignleft wp-image-5847\" src=\"https:\/\/www.digitalrealestate.ch\/wp-content\/uploads\/2019\/02\/Schollin-Borg-Andreas_2-300x300.jpg\" alt=\"\" width=\"200\" height=\"200\" srcset=\"https:\/\/www.digitalrealestate.ch\/wp-content\/uploads\/2019\/02\/Schollin-Borg-Andreas_2-300x300.jpg 300w, https:\/\/www.digitalrealestate.ch\/wp-content\/uploads\/2019\/02\/Schollin-Borg-Andreas_2-100x100.jpg 100w, https:\/\/www.digitalrealestate.ch\/wp-content\/uploads\/2019\/02\/Schollin-Borg-Andreas_2-150x150.jpg 150w, https:\/\/www.digitalrealestate.ch\/wp-content\/uploads\/2019\/02\/Schollin-Borg-Andreas_2.jpg 400w, https:\/\/www.digitalrealestate.ch\/wp-content\/uploads\/2019\/02\/Schollin-Borg-Andreas_2-160x160.jpg 160w\" sizes=\"(max-width: 200px) 100vw, 200px\" \/><strong>Tafsir Ba <\/strong> \u00e0 co-fond\u00e9 Wild Dots SARL en 2015. Il est responsable du d\u00e9veloppement produit &amp; marque. Pendant les 10 derni\u00e8res ann\u00e9es, Tafsir a eu la chance de travailler en tant que marketing manager sur la digitalisation et l\u2019int\u00e9gration de nouvelles technologies dans la strat\u00e9gie produit de diverses marques globales avec des soci\u00e9t\u00e9s comme P&amp;G, Duracell &amp; Coty. Fort de cette exp\u00e9rience, Tafsir \u00e0 d\u00e9cid\u00e9 de mettre cette expertise au service de l\u2019immobilier \u00e0 travers Wild Dots SARL.[\/vc_column_text][\/vc_column_inner][\/vc_row_inner][vc_row_inner disable_element=\"yes\" el_class=\"hide\"][vc_column_inner width=\"1\/2\"][\/vc_column_inner][vc_column_inner width=\"1\/2\"][vc_column_text]<img loading=\"lazy\" decoding=\"async\" class=\"alignleft wp-image-5847\" src=\"https:\/\/www.digitalrealestate.ch\/wp-content\/uploads\/2019\/02\/Schollin-Borg-Andreas_2-300x300.jpg\" alt=\"\" width=\"200\" height=\"200\" srcset=\"https:\/\/www.digitalrealestate.ch\/wp-content\/uploads\/2019\/02\/Schollin-Borg-Andreas_2-300x300.jpg 300w, https:\/\/www.digitalrealestate.ch\/wp-content\/uploads\/2019\/02\/Schollin-Borg-Andreas_2-100x100.jpg 100w, https:\/\/www.digitalrealestate.ch\/wp-content\/uploads\/2019\/02\/Schollin-Borg-Andreas_2-150x150.jpg 150w, https:\/\/www.digitalrealestate.ch\/wp-content\/uploads\/2019\/02\/Schollin-Borg-Andreas_2.jpg 400w, https:\/\/www.digitalrealestate.ch\/wp-content\/uploads\/2019\/02\/Schollin-Borg-Andreas_2-160x160.jpg 160w\" sizes=\"(max-width: 200px) 100vw, 200px\" \/><strong>Julian Vogel <\/strong>(34 ans) est le cofondateur et le directeur g\u00e9n\u00e9ral de Tower360. Il a d\u2019abord travaill\u00e9 dans le global asset management chez UBS, avant d\u2019exercer dans le corporate development \/ M&amp;A au sein de la multinationale SCA. Durant son MBA \u00e0 la Wharton Business School avec une sp\u00e9cialisation dans l\u2019immobilier, il a cr\u00e9\u00e9 Tower360 avec son cofondateur, Chakra Banerjee, dans le but d\u2019aider les grands investisseurs immobiliers \u00e0 simplifier la gestion de leurs portefeuilles.[\/vc_column_text][\/vc_column_inner][\/vc_row_inner][\/vc_tta_section][vc_tta_section title=\"Partenaires\" tab_id=\"1447592675310-f3cd6f88-4151\" el_class=\"green smallerspace\"][vc_row_inner][vc_column_inner width=\"1\/2\"][vc_column_text]\n<h3>Partenaire officiel de la SVIT School<\/h3>\n[\/vc_column_text][\/vc_column_inner][vc_column_inner width=\"1\/2\"][vc_column_text]\n<h3>Sponsors de l'\u00e9v\u00e9nement<\/h3>\n[\/vc_column_text][\/vc_column_inner][\/vc_row_inner][vc_row_inner el_class=\"partner\" css=\".vc_custom_1508930648572{padding-top: 0px !important;}\"][vc_column_inner width=\"1\/4\"][vc_single_image image=\"5026\" img_size=\"medium\" onclick=\"custom_link\" img_link_target=\"_blank\" link=\"https:\/\/www.swisscaution.ch\/\" css=\".vc_custom_1548421113630{padding-top: 30px !important;}\"][\/vc_column_inner][vc_column_inner width=\"1\/4\"][\/vc_column_inner][vc_column_inner width=\"1\/4\"][vc_single_image image=\"5160\" img_size=\"180x180\" onclick=\"custom_link\" img_link_target=\"_blank\" link=\"http:\/\/garaio.com\/\"][\/vc_column_inner][vc_column_inner width=\"1\/4\"][vc_single_image image=\"5024\" img_size=\"180x90\" alignment=\"center\" onclick=\"custom_link\" img_link_target=\"_blank\" link=\"https:\/\/www.kone.ch\/fr\/\" css=\".vc_custom_1548421102919{padding-top: 30px !important;}\"][\/vc_column_inner][\/vc_row_inner][vc_column_text][\/vc_column_text][\/vc_tta_section][vc_tta_section title=\"Exposants\" tab_id=\"1547215354285-812fd437-685c\" el_class=\"green smallerspace\"][vc_row_inner el_class=\"partner\" css=\".vc_custom_1548160990819{margin-top: 30px !important;}\"][vc_column_inner width=\"1\/3\"][vc_single_image image=\"4867\" img_size=\"medium\" alignment=\"center\" onclick=\"custom_link\" img_link_target=\"_blank\" css_animation=\"none\" link=\"https:\/\/coozzy.ch\/fr\/\"][\/vc_column_inner][vc_column_inner width=\"1\/3\"][vc_single_image image=\"5084\" img_size=\"300x78\" alignment=\"center\" onclick=\"custom_link\" img_link_target=\"_blank\" link=\"https:\/\/www.dormakaba.com\/ch-de\"][\/vc_column_inner][vc_column_inner width=\"1\/3\"][vc_single_image image=\"4865\" img_size=\"199x55\" alignment=\"center\" onclick=\"custom_link\" img_link_target=\"_blank\" link=\"http:\/\/www.myesmart.com\"][\/vc_column_inner][\/vc_row_inner][vc_row_inner el_class=\"partner\" css=\".vc_custom_1548235881579{margin-top: 0px !important;padding-top: 0px !important;}\"][vc_column_inner width=\"1\/3\"][vc_single_image image=\"5160\" img_size=\"160x160\" alignment=\"center\" onclick=\"custom_link\" img_link_target=\"_blank\" link=\"http:\/\/garaio.com\/\"][\/vc_column_inner][vc_column_inner width=\"1\/3\"][vc_single_image image=\"5024\" img_size=\"170x85\" alignment=\"center\" onclick=\"custom_link\" img_link_target=\"_blank\" link=\"https:\/\/www.kone.ch\/fr\/\" css=\".vc_custom_1548235907825{padding-top: 30px !important;}\"][\/vc_column_inner][vc_column_inner width=\"1\/3\"][vc_single_image image=\"5099\" img_size=\"165x138\" alignment=\"center\" onclick=\"custom_link\" img_link_target=\"_blank\" link=\"https:\/\/www.romande-energie.ch\"][\/vc_column_inner][\/vc_row_inner][vc_row_inner el_class=\"partner\" css=\".vc_custom_1548235891751{margin-top: 0px !important;padding-top: 0px !important;}\"][vc_column_inner width=\"1\/3\"][vc_single_image image=\"5026\" img_size=\"199x55\" alignment=\"center\" onclick=\"custom_link\" img_link_target=\"_blank\" link=\"https:\/\/www.swisscaution.ch\/\" css=\".vc_custom_1548421379399{padding-top: 10px !important;}\"][\/vc_column_inner][vc_column_inner width=\"1\/3\"][vc_single_image image=\"5793\" img_size=\"250x95\" alignment=\"center\" onclick=\"custom_link\" img_link_target=\"_blank\" link=\"https:\/\/tailora.fr\"][\/vc_column_inner][vc_column_inner width=\"1\/3\"][\/vc_column_inner][\/vc_row_inner][vc_column_text][\/vc_column_text][\/vc_tta_section][vc_tta_section title=\"Pr\u00e9sentations\" tab_id=\"1549015947917-f0a4c27a-60a6\"][vc_column_text][downloads category=\"presentation2018\" orderby=\"title\" order=\"asc\"][\/vc_column_text][\/vc_tta_section][vc_tta_section title=\"Participants\" tab_id=\"1550160454809-4c2695af-b439\"][vc_column_text][downloads category=\"liste-participants\" orderby=\"title\" order=\"asc\"][\/vc_column_text][\/vc_tta_section][\/vc_tta_accordion][\/vc_column][\/vc_row][vc_row content_placement=\"middle\" disable_element=\"yes\" css=\".vc_custom_1544022517366{padding-bottom: 50px !important;}\" el_class=\"hide\"][vc_column][vc_btn title=\"Weiter\" style=\"flat\" shape=\"round\" color=\"pink\" size=\"sm\" align=\"center\" i_icon_fontawesome=\"fa fa-arrow-right\" add_icon=\"true\" link=\"url:%20https%3A%2F%2Fwww.digitalrealestate.ch%2Fdigital-real-estate-summit%2F|title:Weiter||\"][\/vc_column][vc_column][\/vc_column][\/vc_row]\n<\/div>","protected":false},"excerpt":{"rendered":"<p>[vc_row content_placement=\u00a0\u00bbmiddle\u00a0\u00bb parallax=\u00a0\u00bbcontent-moving\u00a0\u00bb parallax_image=\u00a0\u00bb4550&Prime; parallax_speed_bg=\u00a0\u00bb1&Prime; css_animation=\u00a0\u00bbnone\u00a0\u00bb full_width=\u00a0\u00bbstretch\u00a0\u00bb css=\u00a0\u00bb.vc_custom_1544025631701{margin-top: 30px !important;margin-bottom: 30px !important;padding-top: 100px !important;padding-bottom: 50px !important;}\u00a0\u00bb][vc_column css_animation=\u00a0\u00bbtop-to-bottom\u00a0\u00bb][vc_column_text css=\u00a0\u00bb.vc_custom_1545319146043{padding-top: 30px !important;}\u00a0\u00bb]<br \/>\n3\u00e8me Digital Real Estate Summit Romandie 2019<br \/>\n[\/vc_column_text][\/vc_column][\/vc_row][vc_row css=\u00a0\u00bb.vc_custom_1549038306497{margin-bottom: 0px !important;padding-bottom: 0px !important;}\u00a0\u00bb][vc_column width=\u00a0\u00bb1\/6&Prime;][\/vc_column][vc_column width=\u00a0\u00bb2\/3&Prime;][vc_column_text]<br \/>\nJeudi, 7 f\u00e9vrier 2019, 8h30 \u2013 16h00<br \/>\nMus\u00e9e Olympique,<\/p>\n","protected":false},"author":2,"featured_media":4551,"parent":0,"menu_order":11,"comment_status":"closed","ping_status":"closed","template":"page-fullwidth.php","meta":{"_acf_changed":false,"_monsterinsights_skip_tracking":false,"_monsterinsights_sitenote_active":false,"_monsterinsights_sitenote_note":"","_monsterinsights_sitenote_category":0,"footnotes":"","_links_to":"","_links_to_target":""},"class_list":["post-4640","page","type-page","status-publish","has-post-thumbnail","hentry"],"acf":[],"_links":{"self":[{"href":"https:\/\/www.digitalrealestate.ch\/fr\/wp-json\/wp\/v2\/pages\/4640"}],"collection":[{"href":"https:\/\/www.digitalrealestate.ch\/fr\/wp-json\/wp\/v2\/pages"}],"about":[{"href":"https:\/\/www.digitalrealestate.ch\/fr\/wp-json\/wp\/v2\/types\/page"}],"author":[{"embeddable":true,"href":"https:\/\/www.digitalrealestate.ch\/fr\/wp-json\/wp\/v2\/users\/2"}],"replies":[{"embeddable":true,"href":"https:\/\/www.digitalrealestate.ch\/fr\/wp-json\/wp\/v2\/comments?post=4640"}],"version-history":[{"count":78,"href":"https:\/\/www.digitalrealestate.ch\/fr\/wp-json\/wp\/v2\/pages\/4640\/revisions"}],"predecessor-version":[{"id":6039,"href":"https:\/\/www.digitalrealestate.ch\/fr\/wp-json\/wp\/v2\/pages\/4640\/revisions\/6039"}],"wp:featuredmedia":[{"embeddable":true,"href":"https:\/\/www.digitalrealestate.ch\/fr\/wp-json\/wp\/v2\/media\/4551"}],"wp:attachment":[{"href":"https:\/\/www.digitalrealestate.ch\/fr\/wp-json\/wp\/v2\/media?parent=4640"}],"curies":[{"name":"wp","href":"https:\/\/api.w.org\/{rel}","templated":true}]}}